{"id":4648,"date":"2025-04-04T17:40:31","date_gmt":"2025-04-04T15:40:31","guid":{"rendered":"https:\/\/greenpoppy.se\/?post_type=product&#038;p=4648"},"modified":"2026-04-07T13:12:02","modified_gmt":"2026-04-07T11:12:02","slug":"pod-stor","status":"publish","type":"product","link":"https:\/\/greenpoppy.se\/en\/product\/pod-stor\/","title":{"rendered":"Pod large"},"content":{"rendered":"<h2 data-start=\"0\" data-end=\"57\">Pod stor \u2013 Rymlig, flexibel och lyxig f\u00f6rvaring<\/h2>\n<p data-start=\"59\" data-end=\"390\">V\u00e5r stora pod \u00e4r den ultimata l\u00f6sningen f\u00f6r smidig och stilren f\u00f6rvaring. Designad som en fyrkantig v\u00e4ska med dragkedja, erbjuder den b\u00e5de praktisk funktion och exklusiv kvalitet. Med en kapacitet p\u00e5 8\u201310 packade bl\u00f6jor \u00e4r den ett perfekt val f\u00f6r tygbl\u00f6jor, men dess m\u00e5ngsidiga utformning g\u00f6r den anv\u00e4ndbar till mycket mer \u00e4n s\u00e5. V\u00e4skan har \u00e4ven ett extra fack l\u00e4ngs med hela ena l\u00e5ngsidan som ocks\u00e5 st\u00e4ngs med dragkedja. D\u00e4r kan du f\u00f6rvara till exempel tv\u00e4ttlappar eller ombyteskl\u00e4der till barnet.<\/p>\n<p data-start=\"392\" data-end=\"683\">Tillverkad av dubbla lager h\u00f6gkvalitativ pul ger v\u00e5r pod stor ett slitstarkt och vattent\u00e5ligt skydd f\u00f6r inneh\u00e5llet. Handtaget, som \u00e4r f\u00e4st med tryckknappar, kan enkelt justeras och flyttas f\u00f6r att anpassas efter behov \u2013 perfekt n\u00e4r den ska h\u00e4ngas upp, b\u00e4ras i handen eller f\u00e4stas p\u00e5 en barnvagn.<\/p>\n<h2 data-start=\"685\" data-end=\"726\">Mer \u00e4n bara f\u00f6rvaring av bl\u00f6jor<\/h2>\n<p data-start=\"727\" data-end=\"847\">\u00c4ven om pod:en \u00e4r designad med tygbl\u00f6jor i \u00e5tanke, \u00e4r den l\u00e5ngt ifr\u00e5n begr\u00e4nsad till det. Den fungerar utm\u00e4rkt som en:<\/p>\n<ul data-start=\"848\" data-end=\"1285\">\n<li data-start=\"848\" data-end=\"912\">Sk\u00f6tv\u00e4ska \u2013 Rymmer allt som man beh\u00f6ver f\u00f6r en dag p\u00e5 spr\u00e5ng.<\/li>\n<li data-start=\"913\" data-end=\"998\">Resev\u00e4ska f\u00f6r kl\u00e4der \u2013 Perfekt f\u00f6r att organisera barnens kl\u00e4der i resv\u00e4skan.<\/li>\n<li data-start=\"999\" data-end=\"1086\">F\u00f6rvaring av badkl\u00e4der \u2013 H\u00e5ller bl\u00f6ta plagg \u00e5tskilda fr\u00e5n resten av packningen.<\/li>\n<li data-start=\"1087\" data-end=\"1171\">V\u00e4ska f\u00f6r tr\u00e4ningskl\u00e4der \u2013 Idealisk att ta med till gymmet eller yogapasset.<\/li>\n<li data-start=\"1172\" data-end=\"1285\">Organiseringsv\u00e4ska hemma \u2013 F\u00f6rvara leksaker, ombyten, tygbindor eller andra sm\u00e5saker snyggt och prydligt.<\/li>\n<\/ul>\n<h2 data-start=\"1287\" data-end=\"1316\">Material &amp; kvalitet i pod stor<\/h2>\n<ul data-start=\"1317\" data-end=\"1554\">\n<li data-start=\"1317\" data-end=\"1397\">Dubbla lager pul \u2013 H\u00f6gkvalitativt, vattent\u00e5ligt och slitstarkt material.<\/li>\n<li data-start=\"1398\" data-end=\"1475\">Justerbart b\u00e4rhandtag \u2013 F\u00e4st med tryckknappar f\u00f6r flexibel placering.<\/li>\n<li data-start=\"1476\" data-end=\"1554\">Dragkedja i toppkvalitet \u2013 S\u00e4kerst\u00e4ller att inneh\u00e5llet h\u00e5lls p\u00e5 plats.<\/li>\n<\/ul>\n<h2 data-start=\"1556\" data-end=\"1576\">Sk\u00f6tselr\u00e5d<\/h2>\n<ul data-start=\"1577\" data-end=\"1790\">\n<li data-start=\"1577\" data-end=\"1601\">Tv\u00e4tta i 60 grader.<\/li>\n<li data-start=\"1602\" data-end=\"1649\">F\u00f6r b\u00e4sta h\u00e5llbarhet, tv\u00e4tta den ut och in.<\/li>\n<li data-start=\"1650\" data-end=\"1725\">H\u00e4ngtorka den men torktumla inte.<\/li>\n<li data-start=\"1726\" data-end=\"1790\">Undvik sk\u00f6ljmedel f\u00f6r att bevara PUL-materialets egenskaper.<\/li>\n<\/ul>\n<p data-start=\"1792\" data-end=\"2021\" data-is-last-node=\"\" data-is-only-node=\"\">En pod i den h\u00e4r storleken och kvaliteten \u00e4r en investering i b\u00e5de funktionalitet och stil. Oavsett om du anv\u00e4nder den till tygbl\u00f6jor, packning eller vardagsorganisation, \u00e4r det en lyxig och praktisk f\u00f6ljeslagare som h\u00e5ller \u00f6ver tid.<\/p>\n<p data-start=\"1792\" data-end=\"2021\" data-is-last-node=\"\" data-is-only-node=\"\">Green Poppy \u00e4r stolt samarbetspartner till <a href=\"https:\/\/blojupproret.se\">Bl\u00f6jupproret<\/a>.<\/p>","protected":false},"excerpt":{"rendered":"<p>En pod av h\u00f6gsta kvalitet! Dubbla lager pul, en l\u00e5ng dragkedja samt b\u00e4rhandtag du kan v\u00e4lja var du vill placera. Rymmer ungef\u00e4r 8-10 packade bl\u00f6jor.<\/p>","protected":false},"featured_media":4752,"comment_status":"open","ping_status":"closed","template":"","meta":[],"product_brand":[],"product_cat":[128],"product_tag":[],"class_list":{"0":"post-4648","1":"product","2":"type-product","3":"status-publish","4":"has-post-thumbnail","6":"product_cat-pul-pasar","8":"first","9":"instock","10":"taxable","11":"shipping-taxable","12":"purchasable","13":"product-type-variable"},"bundled_by":["5522","5525","5525"],"bundle_stock_status":"instock","bundle_stock_quantity":null,"bundle_virtual":false,"bundle_layout":"","bundle_add_to_cart_form_location":"","bundle_editable_in_cart":false,"bundle_sold_individually_context":"","bundle_item_grouping":"","bundle_min_size":"","bundle_max_size":"","bundle_price":[],"bundled_items":[],"bundle_sell_ids":[],"yoast_head":"<!-- This site is optimized with the Yoast SEO plugin v27.5 - https:\/\/yoast.com\/product\/yoast-seo-wordpress\/ -->\n<title>Pod Stor - Green Poppy<\/title>\n<meta name=\"description\" content=\"En pod stor i storleken \u00e4r den perfekta v\u00e4skan att ha med sig \u00f6verallt. Den \u00e4r mjuk, stark, t\u00e5lig och tv\u00e4ttbar. Packa tygbl\u00f6jor eller badkl\u00e4der, ditt val.\" \/>\n<meta name=\"robots\" content=\"index, follow, max-snippet:-1, max-image-preview:large, max-video-preview:-1\" \/>\n<link rel=\"canonical\" href=\"https:\/\/greenpoppy.se\/en\/product\/pod-stor\/\" \/>\n<meta property=\"og:locale\" content=\"en_GB\" \/>\n<meta property=\"og:type\" content=\"article\" \/>\n<meta property=\"og:title\" content=\"Pod Stor - Green Poppy\" \/>\n<meta property=\"og:description\" content=\"En pod stor i storleken \u00e4r den perfekta v\u00e4skan att ha med sig \u00f6verallt. Den \u00e4r mjuk, stark, t\u00e5lig och tv\u00e4ttbar. Packa tygbl\u00f6jor eller badkl\u00e4der, ditt val.\" \/>\n<meta property=\"og:url\" content=\"https:\/\/greenpoppy.se\/en\/product\/pod-stor\/\" \/>\n<meta property=\"og:site_name\" content=\"Green Poppy\" \/>\n<meta property=\"article:publisher\" content=\"https:\/\/www.facebook.com\/profile.php?id=61554367862205\" \/>\n<meta property=\"article:modified_time\" content=\"2026-04-07T11:12:02+00:00\" \/>\n<meta property=\"og:image\" content=\"https:\/\/greenpoppy.se\/wp-content\/uploads\/2025\/04\/IMG_3183-1.jpg\" \/>\n\t<meta property=\"og:image:width\" content=\"1365\" \/>\n\t<meta property=\"og:image:height\" content=\"2048\" \/>\n\t<meta property=\"og:image:type\" content=\"image\/jpeg\" \/>\n<meta name=\"twitter:card\" content=\"summary_large_image\" \/>\n<meta name=\"twitter:label1\" content=\"Estimated reading time\" \/>\n\t<meta name=\"twitter:data1\" content=\"2 minutes\" \/>\n<script type=\"application\/ld+json\" class=\"yoast-schema-graph\">{\"@context\":\"https:\\\/\\\/schema.org\",\"@graph\":[{\"@type\":\"WebPage\",\"@id\":\"https:\\\/\\\/greenpoppy.se\\\/produkt\\\/pod-stor\\\/\",\"url\":\"https:\\\/\\\/greenpoppy.se\\\/produkt\\\/pod-stor\\\/\",\"name\":\"Pod Stor - Green Poppy\",\"isPartOf\":{\"@id\":\"https:\\\/\\\/greenpoppy.se\\\/en\\\/#website\"},\"primaryImageOfPage\":{\"@id\":\"https:\\\/\\\/greenpoppy.se\\\/produkt\\\/pod-stor\\\/#primaryimage\"},\"image\":{\"@id\":\"https:\\\/\\\/greenpoppy.se\\\/produkt\\\/pod-stor\\\/#primaryimage\"},\"thumbnailUrl\":\"https:\\\/\\\/greenpoppy.se\\\/wp-content\\\/uploads\\\/2025\\\/04\\\/IMG_3183-1.jpg\",\"datePublished\":\"2025-04-04T15:40:31+00:00\",\"dateModified\":\"2026-04-07T11:12:02+00:00\",\"description\":\"En pod stor i storleken \u00e4r den perfekta v\u00e4skan att ha med sig \u00f6verallt. Den \u00e4r mjuk, stark, t\u00e5lig och tv\u00e4ttbar. Packa tygbl\u00f6jor eller badkl\u00e4der, ditt val.\",\"breadcrumb\":{\"@id\":\"https:\\\/\\\/greenpoppy.se\\\/produkt\\\/pod-stor\\\/#breadcrumb\"},\"inLanguage\":\"en-GB\",\"potentialAction\":[{\"@type\":\"ReadAction\",\"target\":[\"https:\\\/\\\/greenpoppy.se\\\/produkt\\\/pod-stor\\\/\"]}]},{\"@type\":\"ImageObject\",\"inLanguage\":\"en-GB\",\"@id\":\"https:\\\/\\\/greenpoppy.se\\\/produkt\\\/pod-stor\\\/#primaryimage\",\"url\":\"https:\\\/\\\/greenpoppy.se\\\/wp-content\\\/uploads\\\/2025\\\/04\\\/IMG_3183-1.jpg\",\"contentUrl\":\"https:\\\/\\\/greenpoppy.se\\\/wp-content\\\/uploads\\\/2025\\\/04\\\/IMG_3183-1.jpg\",\"width\":1365,\"height\":2048},{\"@type\":\"BreadcrumbList\",\"@id\":\"https:\\\/\\\/greenpoppy.se\\\/produkt\\\/pod-stor\\\/#breadcrumb\",\"itemListElement\":[{\"@type\":\"ListItem\",\"position\":1,\"name\":\"Hem\",\"item\":\"https:\\\/\\\/greenpoppy.se\\\/\"},{\"@type\":\"ListItem\",\"position\":2,\"name\":\"Butik\",\"item\":\"https:\\\/\\\/greenpoppy.se\\\/butik\\\/\"},{\"@type\":\"ListItem\",\"position\":3,\"name\":\"Pod Stor\"}]},{\"@type\":\"WebSite\",\"@id\":\"https:\\\/\\\/greenpoppy.se\\\/en\\\/#website\",\"url\":\"https:\\\/\\\/greenpoppy.se\\\/en\\\/\",\"name\":\"Green Poppy\",\"description\":\"H\u00e5llbara och \u00e5teranv\u00e4ndbara tygbl\u00f6jor\",\"publisher\":{\"@id\":\"https:\\\/\\\/greenpoppy.se\\\/en\\\/#organization\"},\"potentialAction\":[{\"@type\":\"SearchAction\",\"target\":{\"@type\":\"EntryPoint\",\"urlTemplate\":\"https:\\\/\\\/greenpoppy.se\\\/en\\\/?s={search_term_string}\"},\"query-input\":{\"@type\":\"PropertyValueSpecification\",\"valueRequired\":true,\"valueName\":\"search_term_string\"}}],\"inLanguage\":\"en-GB\"},{\"@type\":\"Organization\",\"@id\":\"https:\\\/\\\/greenpoppy.se\\\/en\\\/#organization\",\"name\":\"Green Poppy\",\"url\":\"https:\\\/\\\/greenpoppy.se\\\/en\\\/\",\"logo\":{\"@type\":\"ImageObject\",\"inLanguage\":\"en-GB\",\"@id\":\"https:\\\/\\\/greenpoppy.se\\\/en\\\/#\\\/schema\\\/logo\\\/image\\\/\",\"url\":\"https:\\\/\\\/greenpoppy.se\\\/wp-content\\\/uploads\\\/2025\\\/01\\\/Logga_Officiell.svg\",\"contentUrl\":\"https:\\\/\\\/greenpoppy.se\\\/wp-content\\\/uploads\\\/2025\\\/01\\\/Logga_Officiell.svg\",\"width\":1,\"height\":1,\"caption\":\"Green Poppy\"},\"image\":{\"@id\":\"https:\\\/\\\/greenpoppy.se\\\/en\\\/#\\\/schema\\\/logo\\\/image\\\/\"},\"sameAs\":[\"https:\\\/\\\/www.facebook.com\\\/profile.php?id=61554367862205\",\"https:\\\/\\\/www.instagram.com\\\/greenpoppy.se\\\/\"]}]}<\/script>\n<!-- \/ Yoast SEO plugin. -->","yoast_head_json":{"title":"Pod Stor - Green Poppy","description":"En pod stor i storleken \u00e4r den perfekta v\u00e4skan att ha med sig \u00f6verallt. Den \u00e4r mjuk, stark, t\u00e5lig och tv\u00e4ttbar. Packa tygbl\u00f6jor eller badkl\u00e4der, ditt val.","robots":{"index":"index","follow":"follow","max-snippet":"max-snippet:-1","max-image-preview":"max-image-preview:large","max-video-preview":"max-video-preview:-1"},"canonical":"https:\/\/greenpoppy.se\/en\/product\/pod-stor\/","og_locale":"en_GB","og_type":"article","og_title":"Pod Stor - Green Poppy","og_description":"En pod stor i storleken \u00e4r den perfekta v\u00e4skan att ha med sig \u00f6verallt. Den \u00e4r mjuk, stark, t\u00e5lig och tv\u00e4ttbar. Packa tygbl\u00f6jor eller badkl\u00e4der, ditt val.","og_url":"https:\/\/greenpoppy.se\/en\/product\/pod-stor\/","og_site_name":"Green Poppy","article_publisher":"https:\/\/www.facebook.com\/profile.php?id=61554367862205","article_modified_time":"2026-04-07T11:12:02+00:00","og_image":[{"width":1365,"height":2048,"url":"https:\/\/greenpoppy.se\/wp-content\/uploads\/2025\/04\/IMG_3183-1.jpg","type":"image\/jpeg"}],"twitter_card":"summary_large_image","twitter_misc":{"Estimated reading time":"2 minutes"},"schema":{"@context":"https:\/\/schema.org","@graph":[{"@type":"WebPage","@id":"https:\/\/greenpoppy.se\/produkt\/pod-stor\/","url":"https:\/\/greenpoppy.se\/produkt\/pod-stor\/","name":"Pod Stor - Green Poppy","isPartOf":{"@id":"https:\/\/greenpoppy.se\/en\/#website"},"primaryImageOfPage":{"@id":"https:\/\/greenpoppy.se\/produkt\/pod-stor\/#primaryimage"},"image":{"@id":"https:\/\/greenpoppy.se\/produkt\/pod-stor\/#primaryimage"},"thumbnailUrl":"https:\/\/greenpoppy.se\/wp-content\/uploads\/2025\/04\/IMG_3183-1.jpg","datePublished":"2025-04-04T15:40:31+00:00","dateModified":"2026-04-07T11:12:02+00:00","description":"En pod stor i storleken \u00e4r den perfekta v\u00e4skan att ha med sig \u00f6verallt. Den \u00e4r mjuk, stark, t\u00e5lig och tv\u00e4ttbar. Packa tygbl\u00f6jor eller badkl\u00e4der, ditt val.","breadcrumb":{"@id":"https:\/\/greenpoppy.se\/produkt\/pod-stor\/#breadcrumb"},"inLanguage":"en-GB","potentialAction":[{"@type":"ReadAction","target":["https:\/\/greenpoppy.se\/produkt\/pod-stor\/"]}]},{"@type":"ImageObject","inLanguage":"en-GB","@id":"https:\/\/greenpoppy.se\/produkt\/pod-stor\/#primaryimage","url":"https:\/\/greenpoppy.se\/wp-content\/uploads\/2025\/04\/IMG_3183-1.jpg","contentUrl":"https:\/\/greenpoppy.se\/wp-content\/uploads\/2025\/04\/IMG_3183-1.jpg","width":1365,"height":2048},{"@type":"BreadcrumbList","@id":"https:\/\/greenpoppy.se\/produkt\/pod-stor\/#breadcrumb","itemListElement":[{"@type":"ListItem","position":1,"name":"Hem","item":"https:\/\/greenpoppy.se\/"},{"@type":"ListItem","position":2,"name":"Butik","item":"https:\/\/greenpoppy.se\/butik\/"},{"@type":"ListItem","position":3,"name":"Pod Stor"}]},{"@type":"WebSite","@id":"https:\/\/greenpoppy.se\/en\/#website","url":"https:\/\/greenpoppy.se\/en\/","name":"Green Poppy","description":"H\u00e5llbara och \u00e5teranv\u00e4ndbara tygbl\u00f6jor","publisher":{"@id":"https:\/\/greenpoppy.se\/en\/#organization"},"potentialAction":[{"@type":"SearchAction","target":{"@type":"EntryPoint","urlTemplate":"https:\/\/greenpoppy.se\/en\/?s={search_term_string}"},"query-input":{"@type":"PropertyValueSpecification","valueRequired":true,"valueName":"search_term_string"}}],"inLanguage":"en-GB"},{"@type":"Organization","@id":"https:\/\/greenpoppy.se\/en\/#organization","name":"Green Poppy","url":"https:\/\/greenpoppy.se\/en\/","logo":{"@type":"ImageObject","inLanguage":"en-GB","@id":"https:\/\/greenpoppy.se\/en\/#\/schema\/logo\/image\/","url":"https:\/\/greenpoppy.se\/wp-content\/uploads\/2025\/01\/Logga_Officiell.svg","contentUrl":"https:\/\/greenpoppy.se\/wp-content\/uploads\/2025\/01\/Logga_Officiell.svg","width":1,"height":1,"caption":"Green Poppy"},"image":{"@id":"https:\/\/greenpoppy.se\/en\/#\/schema\/logo\/image\/"},"sameAs":["https:\/\/www.facebook.com\/profile.php?id=61554367862205","https:\/\/www.instagram.com\/greenpoppy.se\/"]}]}},"_links":{"self":[{"href":"https:\/\/greenpoppy.se\/en\/wp-json\/wp\/v2\/product\/4648","targetHints":{"allow":["GET"]}}],"collection":[{"href":"https:\/\/greenpoppy.se\/en\/wp-json\/wp\/v2\/product"}],"about":[{"href":"https:\/\/greenpoppy.se\/en\/wp-json\/wp\/v2\/types\/product"}],"replies":[{"embeddable":true,"href":"https:\/\/greenpoppy.se\/en\/wp-json\/wp\/v2\/comments?post=4648"}],"wp:featuredmedia":[{"embeddable":true,"href":"https:\/\/greenpoppy.se\/en\/wp-json\/wp\/v2\/media\/4752"}],"wp:attachment":[{"href":"https:\/\/greenpoppy.se\/en\/wp-json\/wp\/v2\/media?parent=4648"}],"wp:term":[{"taxonomy":"product_brand","embeddable":true,"href":"https:\/\/greenpoppy.se\/en\/wp-json\/wp\/v2\/product_brand?post=4648"},{"taxonomy":"product_cat","embeddable":true,"href":"https:\/\/greenpoppy.se\/en\/wp-json\/wp\/v2\/product_cat?post=4648"},{"taxonomy":"product_tag","embeddable":true,"href":"https:\/\/greenpoppy.se\/en\/wp-json\/wp\/v2\/product_tag?post=4648"}],"curies":[{"name":"wp","href":"https:\/\/api.w.org\/{rel}","templated":true}]}}